{"id":1860,"date":"2017-11-08T11:55:07","date_gmt":"2017-11-08T11:55:07","guid":{"rendered":"https:\/\/samstrasbourg.com\/?page_id=1860"},"modified":"2019-10-14T15:14:14","modified_gmt":"2019-10-14T13:14:14","slug":"accueil","status":"publish","type":"page","link":"https:\/\/samstrasbourg.com\/en\/","title":{"rendered":"Home"},"content":{"rendered":"<section class=\"wpb-content-wrapper\"><p>[vc_row css_animation=&#8221;&#8221; row_type=&#8221;row&#8221; use_row_as_full_screen_section=&#8221;no&#8221; type=&#8221;grid&#8221; angled_section=&#8221;no&#8221; text_align=&#8221;left&#8221; background_image_as_pattern=&#8221;without_pattern&#8221; css=&#8221;.vc_custom_1510240980089{padding-top: 100px !important;padding-bottom: 100px !important;}&#8221;][vc_column][vc_column_text]<\/p>\n<h2 style=\"text-align: center;\">2nd Edition : SAM 2019<\/h2>\n<p>[\/vc_column_text][vc_empty_space height=&#8221;15px&#8221;][vc_column_text]<\/p>\n<h6 style=\"text-align: center;\">A program that revolves around 4 four themes<\/h6>\n<p>[\/vc_column_text][vc_empty_space][vc_row_inner row_type=&#8221;row&#8221; type=&#8221;full_width&#8221; text_align=&#8221;left&#8221; css_animation=&#8221;&#8221;][vc_column_inner width=&#8221;1\/2&#8243;][vc_column_text]<\/p>\n<h4><span style=\"color: #f18e81;\">Friday, October 18th<\/span><\/h4>\n<p>[\/vc_column_text][vc_empty_space height=&#8221;12px&#8221;][vc_column_text]<span style=\"color: #4381a4;\">2pm<\/span> General Opening by Jean-G\u00e9rard Bloch and Alain Fontanel<\/p>\n<h4><span style=\"color: #445878;\">Health and Science<\/span><\/h4>\n<p><span style=\"color: #4381a4;\">3pm<\/span> Meditation<\/p>\n<p><span style=\"color: #4381a4;\">3.30pm<\/span>\u00a0Songs by Lily Jung<\/p>\n<p><span style=\"color: #4381a4;\">4pm &#8211; 5.30pm <\/span><span lang=\"en\" tabindex=\"0\">Conference with Thierry Janssen, Tania Singer, Rose moderated by Aur\u00e9lie Godefroy and Fr\u00e9d\u00e9ric Lopez<\/span><\/p>\n<p><span style=\"color: #48aaa7;\">6pm &#8211; 7pm Workshops animated by the ADM &#8211; Initiation (Christophe Coupas and Claire Mizzi) or Self-Compassion (Dominique Retour) <strong><em>&#8211; <span lang=\"en\" tabindex=\"0\">only upon registration after the purchase of a ticket for SAM places limited to 50<\/span><\/em><\/strong><\/span>[\/vc_column_text][\/vc_column_inner][vc_column_inner width=&#8221;1\/2&#8243;][vc_empty_space height=&#8221;80px&#8221;][vc_column_text]<\/p>\n<h4><span style=\"color: #445878;\">Special Evening : ADM&#8217;s 10th Anniversary<\/span><\/h4>\n<p><span style=\"color: #4381a4;\">8pm<\/span> Meditation<\/p>\n<p><span style=\"color: #4381a4;\">8.20pm<\/span> Elizabeth Sombart on the piano plays Schubert<\/p>\n<p><span style=\"color: #4381a4;\">9pm \u2013 10.30pm<\/span> Conference with Jon Kabat-Zinn <span lang=\"en\" tabindex=\"0\">interactive live video &#8220;40 years of MBSR&#8221;<\/span>, dialogue with Elizabeth Sombart, Genevi\u00e8ve Hamelet, Guido Bondolfi, Alice Duflot, Sandra Gidon, et Soizic Michelot moderated by Aur\u00e9lie Godefroy and Fr\u00e9d\u00e9ric Lopez[\/vc_column_text][\/vc_column_inner][\/vc_row_inner][vc_empty_space height=&#8221;16px&#8221;][vc_row_inner row_type=&#8221;row&#8221; type=&#8221;full_width&#8221; text_align=&#8221;left&#8221; css_animation=&#8221;&#8221;][vc_column_inner width=&#8221;1\/2&#8243;][vc_column_text]<\/p>\n<h4><span style=\"color: #f18e81;\">Saturday, October 19th<\/span><\/h4>\n<p>[\/vc_column_text][vc_empty_space height=&#8221;12px&#8221;][vc_column_text]<span style=\"color: #48aaa7;\">8.30am-9.30am Workshops animated by the ADM &#8211; MBSR &amp; Cancer (Evelyne Lonsdorfer, Marie-Ange Pratili, Charlotte Borch Jacobsen) or MBCP P<span lang=\"en\" tabindex=\"0\">repare for birth in full consciousness (Morgane Gottschalk) <em><strong>&#8211; only upon registration after the purchase of a ticket for SAM places limited to 50<\/strong><\/em><\/span><\/span><\/p>\n<p><span style=\"color: #4381a4;\">9H30<\/span> Opening<\/p>\n<h4><span style=\"color: #445878;\">Traditions of wisdom\u00a0<\/span><\/h4>\n<p><span style=\"color: #4381a4;\">10am<\/span> Meditation<\/p>\n<p><span style=\"color: #4381a4;\">10.30am<\/span> Elizabeth Sombart on the piano plays Bach and Chopin<\/p>\n<p><span style=\"color: #4381a4;\">11am &#8211; 12.30am<\/span> Conference with Satish Kumar and Christophe Faur\u00e9 moderated by Aur\u00e9lie Godefroy and Fr\u00e9d\u00e9ric Lopez. Witness : Elizabeth Sombart<\/p>\n<p><span style=\"color: #48aaa7;\">1pm &#8211; 2pm Workshops animated by the ADM &#8211; MBSR Mindfulness based stress reduction (Genevi\u00e8ve Hamelet, Charlotte Boch-Jacobsen, Marie-Ange Pratili) or MECL Eat in full consciousness (G\u00e9raldine Desdindes) <span lang=\"en\" tabindex=\"0\"><em><strong>&#8211; only upon registration after the purchase of a ticket for SAM places limited to 50<\/strong><\/em><\/span><\/span><\/p>\n<p><span style=\"color: #48aaa7;\">2pm &#8211; 3pm Workshops animated by the ADM &#8211; MBSR Mindfulness based stress reduction Initiation (Anne-Gabrielle Saint Joigny and Jean-Loup Cartier) or MBCT (B\u00e9atrice Weber and Manuela Tomba) <span lang=\"en\" tabindex=\"0\"><em><strong>&#8211; only upon registration after the purchase of a ticket for SAM places limited to 50<\/strong><\/em><\/span><\/span><\/p>\n<h4><span style=\"color: #445878;\">Society<\/span><\/h4>\n<p><span style=\"color: #4381a4;\">3pm<\/span>\u00a0Meditation<\/p>\n<p><span style=\"color: #4381a4;\">3.30pm<\/span> danse choreographed by Luc Petton<\/p>\n<p><span style=\"color: #4381a4;\">4pm &#8211; 5.30pm <\/span>\u00a0Conference with Marion Chaygneaud<em>, <\/em>Estelle Lef\u00e9bure, <em>\u00a0<\/em>Romain Migliorini, V\u00e9ronique Riotton, Jean Sibilia animated by Aur\u00e9lie Godefroy and Fr\u00e9d\u00e9ric Lopez. Witness : Luc Petton.<\/p>\n<p><span style=\"color: #48aaa7;\">6pm &#8211; 7pm Workshops animated by the ADM &#8211; Full consciousness and education (Soizic Michelot, Anne-Val\u00e9rie Giannoli, and Fran\u00e7oise Stuckelberger) or MBSR in the corporate world (Genevi\u00e8ve Ardon and Alice Duflot) <span lang=\"en\" tabindex=\"0\"><em><strong>&#8211; only upon registration after the purchase of a ticket for SAM places limited to 50<\/strong><\/em><\/span><\/span>[\/vc_column_text][\/vc_column_inner][vc_column_inner width=&#8221;1\/2&#8243;][vc_empty_space height=&#8221;80px&#8221;][vc_column_text]<\/p>\n<h4><span style=\"color: #445878;\">Elizabeth Sombart Concerto<\/span><\/h4>\n<p><span style=\"color: #4381a4;\">8pm <\/span>Opening<\/p>\n<p><span style=\"color: #4381a4;\">8.30pm<\/span> Closing ceremony<\/p>\n<p><span style=\"color: #4381a4;\">9pm &#8211; 10pm<\/span> Elizabeth Sombart and her quintet &#8211; Beethoven<\/p>\n<p><span style=\"color: #4381a4;\">10pm \u2013 10.30pm<\/span> Meditation[\/vc_column_text][\/vc_column_inner][\/vc_row_inner][\/vc_column][\/vc_row][vc_row css_animation=&#8221;&#8221; row_type=&#8221;row&#8221; use_row_as_full_screen_section=&#8221;no&#8221; type=&#8221;full_width&#8221; angled_section=&#8221;no&#8221; text_align=&#8221;left&#8221; background_image_as_pattern=&#8221;without_pattern&#8221;][vc_column][vc_row_inner row_type=&#8221;row&#8221; type=&#8221;full_width&#8221; text_align=&#8221;left&#8221; css_animation=&#8221;&#8221; css=&#8221;.vc_custom_1562742013580{margin-right: 40px !important;margin-left: 40px !important;}&#8221;][vc_column_inner][vc_empty_space height=&#8221;16px&#8221;][\/vc_column_inner][\/vc_row_inner][vc_row_inner row_type=&#8221;row&#8221; type=&#8221;grid&#8221; text_align=&#8221;left&#8221; css_animation=&#8221;&#8221; css=&#8221;.vc_custom_1510241757444{padding-top: 4px !important;padding-bottom: 40px !important;}&#8221;][vc_column_inner offset=&#8221;vc_col-lg-6 vc_col-md-12&#8243;][qode_elements_holder number_of_columns=&#8221;one_column&#8221;][qode_elements_holder_item vertical_alignment=&#8221;middle&#8221; horizontal_alignment=&#8221;center&#8221; advanced_animations=&#8221;no&#8221; item_padding=&#8221;0 0 0 0&#8243; item_padding_1024_1280=&#8221;0 25px 0 0&#8243;][vc_single_image image=&#8221;2386&#8243; img_size=&#8221;full&#8221; qode_css_animation=&#8221;&#8221;][\/qode_elements_holder_item][\/qode_elements_holder][\/vc_column_inner][vc_column_inner offset=&#8221;vc_col-lg-6 vc_col-md-12&#8243;][qode_elements_holder number_of_columns=&#8221;one_column&#8221;][qode_elements_holder_item advanced_animations=&#8221;no&#8221; item_padding=&#8221;160px 0px 0 15px&#8221; item_padding_1024_1280=&#8221;75px 0px 0 10px&#8221;][vc_column_text]<\/p>\n<h5>An innovative concept<\/h5>\n<p>[\/vc_column_text][vc_empty_space height=&#8221;16px&#8221;][vc_column_text]<\/p>\n<h2>The art of wholeness<\/h2>\n<p>[\/vc_column_text][vc_empty_space height=&#8221;21px&#8221;][vc_column_text]<strong>How ?<\/strong><br \/>\nSAM is designed on an original architecture, with meditation as the common thread. Lively stage and audience interactions bring new perspectives, weaving scientific and humanistic panel discussions with sensations and emotions inspired by art and meditation. Topics include: philosophy, history, business, education, health, and science.<\/p>\n<p><em>\u201cThe art of wholeness comes from the idea that our human potential can flourish through caring attention to ourselves, to others and to the reality in the moment. Wholeness is as far away from the mainstream view of well-being as it is from malaise. Many of our social conditionings and erroneous perceptions of reality lead to unhappiness. The awareness and discernment cultivated with a meditation practice can lead each of us towards wholeness through our unique mindful and embodied presence. It balances body intelligence, heart intelligence, and rational mind to reach the source of wisdom, strength and love, to guide our decisions and everyday life actions. The art of wholeness invites us to change according to our ability, to better answer humankind\u2019s profound aspiration for happiness, therefore contributing to sustainable environmental engagement and societal transformation, which are more urgent today than ever before.\u201d<\/em><\/p>\n<p><strong>Jean-G\u00e9rard Bloch<\/strong>[\/vc_column_text][\/qode_elements_holder_item][\/qode_elements_holder][\/vc_column_inner][\/vc_row_inner][\/vc_column][\/vc_row][vc_row css_animation=&#8221;&#8221; row_type=&#8221;row&#8221; use_row_as_full_screen_section=&#8221;no&#8221; type=&#8221;grid&#8221; angled_section=&#8221;no&#8221; text_align=&#8221;left&#8221; background_image_as_pattern=&#8221;without_pattern&#8221; css=&#8221;.vc_custom_1563540109368{padding-top: 100px !important;padding-bottom: 100px !important;background-color: #b2cede !important;}&#8221; z_index=&#8221;&#8221;][vc_column][vc_column_text]<\/p>\n<h2 style=\"text-align: center;\">Retrospective SAM 2018<\/h2>\n<p>[\/vc_column_text][vc_empty_space height=&#8221;15px&#8221;][vc_column_text]<\/p>\n<h6 id=\"tw-target-text\" class=\"tw-data-text tw-ta tw-text-small\" dir=\"ltr\" style=\"text-align: center;\" data-placeholder=\"Translation\"><span lang=\"en\" tabindex=\"0\">Relive the highlights of the first edition of SAM Science Art Meditation.<\/span><\/h6>\n<p>[\/vc_column_text][vc_empty_space height=&#8221;50px&#8221;]\n\n\t<a href=\"https:\/\/www.youtube.com\/channel\/UCM7UUowVAdyYadtwEjcYiaA\/videos?view=0&#038;sort=p&#038;flow=grid\" target=\"_self\" style=\"color: #445878;background-color: #ffffff;margin: 0 0 0 460px\" class=\"qode-btn qode-btn-medium qode-btn-solid qode-btn-custom-hover-bg qode-btn-custom-hover-color qode-btn-default-hover\" data-hover-bg-color=\"#f18e81\" data-hover-color=\"#b2cede\" >\n\t    <span class=\"qode-btn-text\">Discover our YouTube channel<\/span>\t<\/a>\n\n[\/vc_column][\/vc_row][vc_row css_animation=&#8221;&#8221; row_type=&#8221;row&#8221; use_row_as_full_screen_section=&#8221;no&#8221; type=&#8221;full_width&#8221; angled_section=&#8221;no&#8221; text_align=&#8221;left&#8221; background_image_as_pattern=&#8221;without_pattern&#8221;][vc_column][vc_row_inner row_type=&#8221;row&#8221; type=&#8221;grid&#8221; text_align=&#8221;left&#8221; css_animation=&#8221;&#8221; css=&#8221;.vc_custom_1510234758856{padding-top: 163px !important;padding-bottom: 160px !important;}&#8221;][vc_column_inner offset=&#8221;vc_col-lg-6 vc_col-md-12&#8243;][qode_elements_holder number_of_columns=&#8221;one_column&#8221;][qode_elements_holder_item advanced_animations=&#8221;no&#8221; item_padding=&#8221;60px 50px 0 0&#8243; item_padding_1280_1440=&#8221;60px 50px 0 0&#8243; item_padding_1024_1280=&#8221;50px 0px 0 0&#8243;][vc_column_text]<\/p>\n<h5>To go further&#8230;<\/h5>\n<p>[\/vc_column_text][vc_empty_space height=&#8221;16px&#8221;][vc_column_text]<\/p>\n<h2>SAM : an Engagement<\/h2>\n<p>[\/vc_column_text][vc_empty_space height=&#8221;31px&#8221;][vc_column_text]<\/p>\n<h5>Some of our guests are honoring us with their generosity, committing graciously to SAM Science Art Meditation.<br \/>\nWe choose to offer a socially engaged ticketing service to be accessible to all.<br \/>\nAfter expenses, SAM\u2019s revenue will be dedicated to support current and future medical research projects and to support various charities.<\/h5>\n<p>&nbsp;<\/p>\n<p>Science Art Meditation (SAM) is the executive producer of SAM Now 2018, a conference integrating science, art and meditation.<\/p>\n<p>SAM is dedicated to support current and future medical research projects, and educational training programs at the University and the University Hospital of Strasbourg.<\/p>\n<p>University Hospital of Strasbourg Research Projects currently supported: Breast Cancer and Meditation.<\/p>\n<p>SAM will support charities such as\u00a0<a href=\"http:\/\/www.lenvol.asso.fr\/\">L\u2019Envol<\/a>, offering camp programs for children dealing with life-threatening illnesses. L\u2019Envol is a member of\u00a0<a href=\"https:\/\/www.seriousfunnetwork.org\/\">SeriousFun Children\u2019s Network<\/a>.<\/p>\n<p>SAM is a non-profit organization, managed by a volunteer Executive Committee composed of Prof. Jean Sibilia (President), Dr Jean-G\u00e9rard Bloch (General Secretary), and Fr\u00e9d\u00e9ric Creplet (Treasurer).[\/vc_column_text][\/qode_elements_holder_item][\/qode_elements_holder][\/vc_column_inner][vc_column_inner offset=&#8221;vc_col-lg-6 vc_col-md-12&#8243;][qode_elements_holder number_of_columns=&#8221;one_column&#8221;][qode_elements_holder_item advanced_animations=&#8221;no&#8221; item_padding_768_1024=&#8221;100px 0 0 0&#8243; item_padding_480=&#8221;100px 0 0 0&#8243;][vc_single_image image=&#8221;2388&#8243; img_size=&#8221;full&#8221; qode_css_animation=&#8221;&#8221;][\/qode_elements_holder_item][\/qode_elements_holder][\/vc_column_inner][\/vc_row_inner][vc_column_text]<\/p>\n<h2 style=\"text-align: center;\">SAM&#8217;s Partners<\/h2>\n<p>[\/vc_column_text][vc_empty_space height=&#8221;15px&#8221;][vc_column_text]<\/p>\n<div class=\"page\" title=\"Page 3\">\n<div class=\"section\">\n<div class=\"layoutArea\">\n<div class=\"column\">\n<h6 style=\"text-align: center;\">SAM can count on numerous supports.<\/h6>\n<\/div>\n<\/div>\n<\/div>\n<\/div>\n<p>[\/vc_column_text][vc_empty_space height=&#8221;15px&#8221;][vc_row_inner row_type=&#8221;row&#8221; type=&#8221;grid&#8221; text_align=&#8221;center&#8221; css_animation=&#8221;&#8221; css=&#8221;.vc_custom_1561829100364{padding-top: 100px !important;}&#8221; background_color=&#8221;#4381a4&#8243;][vc_column_inner offset=&#8221;vc_col-lg-3 vc_col-md-6&#8243;]<div class='q_icon_with_title very_large custom_icon_image center '><div class=\"icon_holder \" style=\"margin: 0 0 8px 0; \"><img itemprop=\"image\" style=\"margin: 0 0 8px 0;\" src=\"https:\/\/samstrasbourg.com\/wp-content\/uploads\/2019\/06\/VDS.png\" alt=\"\"><\/div><div class=\"icon_text_holder\" style=\"\"><div class=\"icon_text_inner\" style=\"\"><h5 class=\"icon_title\" style=\"\"><\/h5><p style=''><\/p><\/div><\/div><\/div>[vc_empty_space height=&#8221;10px&#8221;][\/vc_column_inner][vc_column_inner offset=&#8221;vc_col-lg-3 vc_col-md-6&#8243;]<div class='q_icon_with_title very_large custom_icon_image center '><div class=\"icon_holder \" style=\"margin: 0 0 8px 0; \"><img itemprop=\"image\" style=\"margin: 0 0 8px 0;\" src=\"https:\/\/samstrasbourg.com\/wp-content\/uploads\/2019\/06\/FacmedLogo.png\" alt=\"\"><\/div><div class=\"icon_text_holder\" style=\"\"><div class=\"icon_text_inner\" style=\"\"><h5 class=\"icon_title\" style=\"\"><\/h5><p style=''><\/p><\/div><\/div><\/div>[vc_empty_space height=&#8221;10px&#8221;][\/vc_column_inner][vc_column_inner offset=&#8221;vc_col-lg-3 vc_col-md-6&#8243;]<div class='q_icon_with_title very_large custom_icon_image center '><div class=\"icon_holder \" style=\"margin: 0 0 8px 0; \"><img itemprop=\"image\" style=\"margin: 0 0 8px 0;\" src=\"https:\/\/samstrasbourg.com\/wp-content\/uploads\/2019\/06\/Unistralogo.png\" alt=\"\"><\/div><div class=\"icon_text_holder\" style=\"\"><div class=\"icon_text_inner\" style=\"\"><h5 class=\"icon_title\" style=\"\"><\/h5><p style=''><\/p><\/div><\/div><\/div>[vc_empty_space height=&#8221;10px&#8221;][\/vc_column_inner][vc_column_inner offset=&#8221;vc_col-lg-3 vc_col-md-6&#8243;]<div class='q_icon_with_title very_large custom_icon_image center '><div class=\"icon_holder \" style=\"margin: 0 0 8px 0; \"><img itemprop=\"image\" style=\"margin: 0 0 8px 0;\" src=\"https:\/\/samstrasbourg.com\/wp-content\/uploads\/2019\/06\/ADMLogo.png\" alt=\"\"><\/div><div class=\"icon_text_holder\" style=\"\"><div class=\"icon_text_inner\" style=\"\"><h5 class=\"icon_title\" style=\"\"><\/h5><p style=''><\/p><\/div><\/div><\/div>[vc_empty_space height=&#8221;10px&#8221;][\/vc_column_inner][\/vc_row_inner][vc_empty_space height=&#8221;15px&#8221;][vc_row_inner row_type=&#8221;row&#8221; type=&#8221;full_width&#8221; text_align=&#8221;left&#8221; css_animation=&#8221;&#8221;][vc_column_inner width=&#8221;1\/2&#8243;][vc_column_text css=&#8221;.vc_custom_1563903488144{margin-right: 60px !important;margin-left: 60px !important;}&#8221;]<\/p>\n<p id=\"tw-target-text\" class=\"tw-data-text tw-ta tw-text-small\" dir=\"ltr\" data-placeholder=\"Translation\"><span lang=\"en\" style=\"color: #445878;\" tabindex=\"0\">Because <strong>the great challenges of the world of tomorrow begin with our small steps today, together,<\/strong> we propose to collaborate on a unique and ambitious human, artistic and scientific event, alongside exceptional guests. <\/span><\/p>\n<p class=\"tw-data-text tw-ta tw-text-small\" dir=\"ltr\" data-placeholder=\"Translation\"><span lang=\"en\" style=\"color: #445878;\" tabindex=\"0\"><strong>The intention of SAM<\/strong> is to discover the practice of meditation, the art of the well-being, and its impact on society through <strong>an innovative shared experience<\/strong>. <\/span><\/p>\n<p class=\"tw-data-text tw-ta tw-text-small\" dir=\"ltr\" data-placeholder=\"Translation\"><span lang=\"en\" style=\"color: #445878;\" tabindex=\"0\">Supporting our action means enhancing your commitment and highlighting your initiatives in our media, during a round table, a dedicated workshop on topical issues such as occupational health, personal development company released. <\/span><\/p>\n<p class=\"tw-data-text tw-ta tw-text-small\" dir=\"ltr\" data-placeholder=\"Translation\"><span lang=\"en\" style=\"color: #445878;\" tabindex=\"0\">It is also to raise your employees&#8217; awareness through inspiring initiatives, an artistic performance, to benefit from networking opportunities, to meet internationally renowned artists, scientists and experts, entrepreneurs and innovative project leaders.<\/span><\/p>\n<p>[\/vc_column_text][\/vc_column_inner][vc_column_inner width=&#8221;1\/2&#8243;][vc_empty_space height=&#8221;150px&#8221;][vc_column_text css=&#8221;.vc_custom_1563903189908{margin-right: 60px !important;margin-left: 60px !important;border-right-width: 20px !important;border-left-width: 20px !important;}&#8221;]<\/p>\n<h4 dir=\"ltr\" style=\"text-align: center;\"><span style=\"color: #445878;\">You want to join the adventure<\/span><\/h4>\n<h4 dir=\"ltr\" style=\"text-align: center;\"><span style=\"color: #445878;\">Science Art Meditation ? <\/span><\/h4>\n<h4 dir=\"ltr\" style=\"text-align: center;\"><span style=\"color: #445878;\">You want to become a partner \/ sponsor ?<\/span><\/h4>\n<h4 dir=\"ltr\"><\/h4>\n<h4 dir=\"ltr\" style=\"text-align: center;\"><span style=\"color: #f18e81;\"><a style=\"color: #f18e81;\" href=\"https:\/\/samstrasbourg.com\/en\/contact\/\">Contact us<\/a><\/span><\/h4>\n<p>[\/vc_column_text][vc_empty_space height=&#8221;30px&#8221;][\/vc_column_inner][\/vc_row_inner][vc_row_inner row_type=&#8221;row&#8221; type=&#8221;full_width&#8221; text_align=&#8221;left&#8221; css_animation=&#8221;&#8221;][vc_column_inner][vc_empty_space height=&#8221;25px&#8221;][\/vc_column_inner][\/vc_row_inner][vc_row_inner row_type=&#8221;row&#8221; type=&#8221;full_width&#8221; text_align=&#8221;left&#8221; css_animation=&#8221;&#8221; background_color=&#8221;#4381a4&#8243; padding_top=&#8221;10&#8243; padding_bottom=&#8221;10&#8243;][vc_column_inner][vc_column_text]<\/p>\n<h6 dir=\"ltr\" style=\"text-align: center;\"><span style=\"color: #ffffff;\">Science Art Meditation : humanism for today and tomorrow!<\/span><\/h6>\n<p>[\/vc_column_text][\/vc_column_inner][\/vc_row_inner][\/vc_column][\/vc_row][vc_row css_animation=&#8221;&#8221; row_type=&#8221;row&#8221; use_row_as_full_screen_section=&#8221;no&#8221; type=&#8221;full_width&#8221; angled_section=&#8221;no&#8221; text_align=&#8221;left&#8221; background_image_as_pattern=&#8221;without_pattern&#8221;][vc_column][vc_empty_space][vc_column_text]<\/p>\n<h2 style=\"text-align: center;\">SAM&#8217;s Founders<\/h2>\n<p>[\/vc_column_text][vc_empty_space height=&#8221;15px&#8221;][vc_column_text]<\/p>\n<div class=\"page\" title=\"Page 3\">\n<div class=\"section\">\n<div class=\"layoutArea\">\n<div class=\"column\" style=\"text-align: center;\">\n<h6 id=\"tw-target-text\" class=\"tw-data-text tw-ta tw-text-small\" dir=\"ltr\" data-placeholder=\"Translation\"><span lang=\"en\" tabindex=\"0\">SAM was born under a lucky star. Its parents are scholars, doctors or artists whose fame gives a particular dimension to this project.<\/span><\/h6>\n<\/div>\n<\/div>\n<\/div>\n<\/div>\n<p>[\/vc_column_text][vc_row_inner row_type=&#8221;row&#8221; type=&#8221;grid&#8221; text_align=&#8221;left&#8221; css_animation=&#8221;&#8221; css=&#8221;.vc_custom_1510223068897{padding-top: 100px !important;}&#8221;][vc_column_inner offset=&#8221;vc_col-lg-3 vc_col-md-6&#8243;]<div class='q_icon_with_title very_large custom_icon_image center '><div class=\"icon_holder \" style=\"margin: 0 0 8px 0; \"><img itemprop=\"image\" style=\"margin: 0 0 8px 0;\" src=\"https:\/\/samstrasbourg.com\/wp-content\/uploads\/2019\/06\/Jean-Sibilia.png\" alt=\"\"><\/div><div class=\"icon_text_holder\" style=\"\"><div class=\"icon_text_inner\" style=\"\"><h4 class=\"icon_title\" style=\"\">Jean Sibilia<\/h4><p style=''><\/p><\/div><\/div><\/div>[vc_empty_space height=&#8221;10px&#8221;]<a  itemprop=\"url\" href=\"https:\/\/samstrasbourg.com\/en\/science-art-meditation\/#founders\" target=\"_self\" data-hover-background-color='#ff9080' data-hover-border-color='#ff9080'  class=\"qbutton  center default\" style=\"border-color: #445878; margin: 10; border-radius: 10px;-moz-border-radius: 10px;-webkit-border-radius: 10px; background-color: #445878;\">Read More<\/a>[\/vc_column_inner][vc_column_inner offset=&#8221;vc_col-lg-3 vc_col-md-6&#8243;]<div class='q_icon_with_title very_large custom_icon_image center '><div class=\"icon_holder \" style=\"margin: 0 0 8px 0; \"><img itemprop=\"image\" style=\"margin: 0 0 8px 0;\" src=\"https:\/\/samstrasbourg.com\/wp-content\/uploads\/2019\/06\/Astrid-Lunkes.png\" alt=\"\"><\/div><div class=\"icon_text_holder\" style=\"\"><div class=\"icon_text_inner\" style=\"\"><h4 class=\"icon_title\" style=\"\">Astrid Lunkes<\/h4><p style=''><\/p><\/div><\/div><\/div>[vc_empty_space height=&#8221;10px&#8221;]<a  itemprop=\"url\" href=\"https:\/\/samstrasbourg.com\/en\/science-art-meditation\/#founders\" target=\"_self\" data-hover-background-color='#ff9080' data-hover-border-color='#ff9080'  class=\"qbutton  center default\" style=\"border-color: #445878; margin: 10; border-radius: 10px;-moz-border-radius: 10px;-webkit-border-radius: 10px; background-color: #445878;\">Read More<\/a>[\/vc_column_inner][vc_column_inner offset=&#8221;vc_col-lg-3 vc_col-md-6&#8243;]<div class='q_icon_with_title very_large custom_icon_image center '><div class=\"icon_holder \" style=\"margin: 0 0 8px 0; \"><img itemprop=\"image\" style=\"margin: 0 0 8px 0;\" src=\"https:\/\/samstrasbourg.com\/wp-content\/uploads\/2019\/06\/Sophie-Stern.png\" alt=\"\"><\/div><div class=\"icon_text_holder\" style=\"\"><div class=\"icon_text_inner\" style=\"\"><h4 class=\"icon_title\" style=\"\">Sophie Stern<\/h4><p style=''><\/p><\/div><\/div><\/div>[vc_empty_space height=&#8221;10px&#8221;]<a  itemprop=\"url\" href=\"https:\/\/samstrasbourg.com\/en\/science-art-meditation\/#founders\" target=\"_self\" data-hover-background-color='#ff9080' data-hover-border-color='#ff9080'  class=\"qbutton  center default\" style=\"border-color: #445878; margin: 10; border-radius: 10px;-moz-border-radius: 10px;-webkit-border-radius: 10px; background-color: #445878;\">Read More<\/a>[\/vc_column_inner][vc_column_inner offset=&#8221;vc_col-lg-3 vc_col-md-6&#8243;]<div class='q_icon_with_title very_large custom_icon_image center '><div class=\"icon_holder \" style=\"margin: 0 0 8px 0; \"><img itemprop=\"image\" style=\"margin: 0 0 8px 0;\" src=\"https:\/\/samstrasbourg.com\/wp-content\/uploads\/2019\/06\/Jean-Ge\u0301rard-Bloch.png\" alt=\"\"><\/div><div class=\"icon_text_holder\" style=\"\"><div class=\"icon_text_inner\" style=\"\"><h4 class=\"icon_title\" style=\"\">Jean-G\u00e9rard Bloch<\/h4><p style=''><\/p><\/div><\/div><\/div>[vc_empty_space height=&#8221;10px&#8221;]<a  itemprop=\"url\" href=\"https:\/\/samstrasbourg.com\/en\/science-art-meditation\/#founders\" target=\"_self\" data-hover-background-color='#ff9080' data-hover-border-color='#ff9080'  class=\"qbutton  center default\" style=\"border-color: #445878; margin: 10; border-radius: 10px;-moz-border-radius: 10px;-webkit-border-radius: 10px; background-color: #445878;\">Read More<\/a>[\/vc_column_inner][\/vc_row_inner][vc_empty_space][\/vc_column][\/vc_row][vc_row row_type=&#8221;parallax&#8221; parallax_content_width=&#8221;in_grid&#8221; text_align=&#8221;left&#8221; full_screen_section_height=&#8221;no&#8221; background_image=&#8221;2392&#8243; section_height=&#8221;690&#8243;][vc_column width=&#8221;1\/6&#8243; offset=&#8221;vc_hidden-sm vc_hidden-xs&#8221;][\/vc_column][vc_column offset=&#8221;vc_col-lg-8 vc_col-md-12&#8243; el_class=&#8221;cf7-custom-row&#8221;][vc_empty_space height=&#8221;213px&#8221;][vc_row_inner row_type=&#8221;row&#8221; type=&#8221;full_width&#8221; text_align=&#8221;left&#8221; css_animation=&#8221;&#8221;][vc_column_inner][vc_column_text]<\/p>\n<h2 style=\"text-align: center;\"><span style=\"color: #445878;\">Subscribe to our newsletter<\/span><\/h2>\n<p>[\/vc_column_text][vc_empty_space height=&#8221;30px&#8221;][\/vc_column_inner][\/vc_row_inner][vc_row_inner row_type=&#8221;row&#8221; type=&#8221;full_width&#8221; text_align=&#8221;left&#8221; css_animation=&#8221;&#8221; css=&#8221;.vc_custom_1510238311246{background-color: #ffffff !important;}&#8221;][vc_column_inner]<div role=\"form\" class=\"wpcf7\" id=\"wpcf7-f174-o1\" lang=\"en-US\" dir=\"ltr\">\n<div class=\"screen-reader-response\"><p role=\"status\" aria-live=\"polite\" aria-atomic=\"true\"><\/p> <ul><\/ul><\/div>\n<form action=\"\/en\/wp-json\/wp\/v2\/pages\/1860#wpcf7-f174-o1\" method=\"post\" class=\"wpcf7-form init cf7_custom_style_1\" novalidate=\"novalidate\" data-status=\"init\">\n<div style=\"display: none;\">\n<input type=\"hidden\" name=\"_wpcf7\" value=\"174\" \/>\n<input type=\"hidden\" name=\"_wpcf7_version\" value=\"5.5.6\" \/>\n<input type=\"hidden\" name=\"_wpcf7_locale\" value=\"en_US\" \/>\n<input type=\"hidden\" name=\"_wpcf7_unit_tag\" value=\"wpcf7-f174-o1\" \/>\n<input type=\"hidden\" name=\"_wpcf7_container_post\" value=\"0\" \/>\n<input type=\"hidden\" name=\"_wpcf7_posted_data_hash\" value=\"\" \/>\n<\/div>\n<div class=\"two_columns_form_with_space\">\n<div class=\"column_left\">\n <span class=\"wpcf7-form-control-wrap your-name\"><input type=\"text\" name=\"your-name\" value=\"\" size=\"40\" class=\"wpcf7-form-control wpcf7-text wpcf7-validates-as-required\" aria-required=\"true\" aria-invalid=\"false\" placeholder=\"Votre e-mail\" \/><\/span>\n<\/div>\n<div class=\"column_right\">\n <input type=\"submit\" value=\"Inscription\" class=\"wpcf7-form-control has-spinner wpcf7-submit\" \/>\n<\/div>\n<\/div>\n<p style=\"display: none !important;\"><label>&#916;<textarea name=\"_wpcf7_ak_hp_textarea\" cols=\"45\" rows=\"8\" maxlength=\"100\"><\/textarea><\/label><input type=\"hidden\" id=\"ak_js_1\" name=\"_wpcf7_ak_js\" value=\"116\"\/><script>document.getElementById( \"ak_js_1\" ).setAttribute( \"value\", ( new Date() ).getTime() );<\/script><\/p><div class=\"wpcf7-response-output\" aria-hidden=\"true\"><\/div><\/form><\/div>[\/vc_column_inner][\/vc_row_inner][vc_empty_space height=&#8221;100px&#8221;][\/vc_column][vc_column width=&#8221;1\/6&#8243; offset=&#8221;vc_hidden-sm vc_hidden-xs&#8221;][\/vc_column][\/vc_row]<\/p>\n<\/section>","protected":false},"excerpt":{"rendered":"<p>[vc_row css_animation=&#8221;&#8221; row_type=&#8221;row&#8221; use_row_as_full_screen_section=&#8221;no&#8221; type=&#8221;grid&#8221; angled_section=&#8221;no&#8221; text_align=&#8221;left&#8221; background_image_as_pattern=&#8221;without_pattern&#8221; css=&#8221;.vc_custom_1510240980089{padding-top: 100px !important;padding-bottom: 100px !important;}&#8221;][vc_column][vc_column_text] 2nd Edition : SAM 2019 [\/vc_column_text][vc_empty_space height=&#8221;15px&#8221;][vc_column_text] A program that revolves around 4 four themes [\/vc_column_text][vc_empty_space][vc_row_inner row_type=&#8221;row&#8221; type=&#8221;full_width&#8221; text_align=&#8221;left&#8221; css_animation=&#8221;&#8221;][vc_column_inner width=&#8221;1\/2&#8243;][vc_column_text] Friday, October 18th [\/vc_column_text][vc_empty_space height=&#8221;12px&#8221;][vc_column_text]2pm General Opening by Jean-G\u00e9rard Bloch and&#8230;<\/p>\n","protected":false},"author":1,"featured_media":0,"parent":0,"menu_order":0,"comment_status":"closed","ping_status":"closed","template":"full_width.php","meta":{"_mi_skip_tracking":false,"_exactmetrics_sitenote_active":false,"_exactmetrics_sitenote_note":"","_exactmetrics_sitenote_category":0},"yoast_head":"<!-- This site is optimized with the Yoast SEO plugin v18.4.1 - https:\/\/yoast.com\/wordpress\/plugins\/seo\/ -->\n<title>Home - SAM Strasbourg - Science Art M\u00e9ditation<\/title>\n<meta name=\"robots\" content=\"index, follow, max-snippet:-1, max-image-preview:large, max-video-preview:-1\" \/>\n<link rel=\"canonical\" href=\"https:\/\/samstrasbourg.com\/en\/\" \/>\n<meta property=\"og:locale\" content=\"en_US\" \/>\n<meta property=\"og:type\" content=\"article\" \/>\n<meta property=\"og:title\" content=\"Home - SAM Strasbourg - Science Art M\u00e9ditation\" \/>\n<meta property=\"og:description\" content=\"[vc_row css_animation=&#8221;&#8221; row_type=&#8221;row&#8221; use_row_as_full_screen_section=&#8221;no&#8221; type=&#8221;grid&#8221; angled_section=&#8221;no&#8221; text_align=&#8221;left&#8221; background_image_as_pattern=&#8221;without_pattern&#8221; css=&#8221;.vc_custom_1510240980089{padding-top: 100px !important;padding-bottom: 100px !important;}&#8221;][vc_column][vc_column_text] 2nd Edition : SAM 2019 [\/vc_column_text][vc_empty_space height=&#8221;15px&#8221;][vc_column_text] A program that revolves around 4 four themes [\/vc_column_text][vc_empty_space][vc_row_inner row_type=&#8221;row&#8221; type=&#8221;full_width&#8221; text_align=&#8221;left&#8221; css_animation=&#8221;&#8221;][vc_column_inner width=&#8221;1\/2&#8243;][vc_column_text] Friday, October 18th [\/vc_column_text][vc_empty_space height=&#8221;12px&#8221;][vc_column_text]2pm General Opening by Jean-G\u00e9rard Bloch and...\" \/>\n<meta property=\"og:url\" content=\"https:\/\/samstrasbourg.com\/en\/\" \/>\n<meta property=\"og:site_name\" content=\"SAM Strasbourg - Science Art M\u00e9ditation\" \/>\n<meta property=\"article:modified_time\" content=\"2019-10-14T13:14:14+00:00\" \/>\n<meta name=\"twitter:card\" content=\"summary_large_image\" \/>\n<meta name=\"twitter:label1\" content=\"Est. reading time\" \/>\n\t<meta name=\"twitter:data1\" content=\"13 minutes\" \/>\n<script type=\"application\/ld+json\" class=\"yoast-schema-graph\">{\"@context\":\"https:\/\/schema.org\",\"@graph\":[{\"@type\":\"WebSite\",\"@id\":\"https:\/\/samstrasbourg.com\/en\/#website\",\"url\":\"https:\/\/samstrasbourg.com\/en\/\",\"name\":\"SAM Strasbourg - Science Art M\u00e9ditation\",\"description\":\"Science Art M\u00e9ditation - SAM Strasbourg\",\"potentialAction\":[{\"@type\":\"SearchAction\",\"target\":{\"@type\":\"EntryPoint\",\"urlTemplate\":\"https:\/\/samstrasbourg.com\/en\/?s={search_term_string}\"},\"query-input\":\"required name=search_term_string\"}],\"inLanguage\":\"en-US\"},{\"@type\":\"WebPage\",\"@id\":\"https:\/\/samstrasbourg.com\/en\/#webpage\",\"url\":\"https:\/\/samstrasbourg.com\/en\/\",\"name\":\"Home - SAM Strasbourg - Science Art M\u00e9ditation\",\"isPartOf\":{\"@id\":\"https:\/\/samstrasbourg.com\/en\/#website\"},\"datePublished\":\"2017-11-08T11:55:07+00:00\",\"dateModified\":\"2019-10-14T13:14:14+00:00\",\"breadcrumb\":{\"@id\":\"https:\/\/samstrasbourg.com\/en\/#breadcrumb\"},\"inLanguage\":\"en-US\",\"potentialAction\":[{\"@type\":\"ReadAction\",\"target\":[\"https:\/\/samstrasbourg.com\/en\/\"]}]},{\"@type\":\"BreadcrumbList\",\"@id\":\"https:\/\/samstrasbourg.com\/en\/#breadcrumb\",\"itemListElement\":[{\"@type\":\"ListItem\",\"position\":1,\"name\":\"Accueil\",\"item\":\"https:\/\/samstrasbourg.com\/en\/\"},{\"@type\":\"ListItem\",\"position\":2,\"name\":\"Home\"}]}]}<\/script>\n<!-- \/ Yoast SEO plugin. -->","yoast_head_json":{"title":"Home - SAM Strasbourg - Science Art M\u00e9ditation","robots":{"index":"index","follow":"follow","max-snippet":"max-snippet:-1","max-image-preview":"max-image-preview:large","max-video-preview":"max-video-preview:-1"},"canonical":"https:\/\/samstrasbourg.com\/en\/","og_locale":"en_US","og_type":"article","og_title":"Home - SAM Strasbourg - Science Art M\u00e9ditation","og_description":"[vc_row css_animation=&#8221;&#8221; row_type=&#8221;row&#8221; use_row_as_full_screen_section=&#8221;no&#8221; type=&#8221;grid&#8221; angled_section=&#8221;no&#8221; text_align=&#8221;left&#8221; background_image_as_pattern=&#8221;without_pattern&#8221; css=&#8221;.vc_custom_1510240980089{padding-top: 100px !important;padding-bottom: 100px !important;}&#8221;][vc_column][vc_column_text] 2nd Edition : SAM 2019 [\/vc_column_text][vc_empty_space height=&#8221;15px&#8221;][vc_column_text] A program that revolves around 4 four themes [\/vc_column_text][vc_empty_space][vc_row_inner row_type=&#8221;row&#8221; type=&#8221;full_width&#8221; text_align=&#8221;left&#8221; css_animation=&#8221;&#8221;][vc_column_inner width=&#8221;1\/2&#8243;][vc_column_text] Friday, October 18th [\/vc_column_text][vc_empty_space height=&#8221;12px&#8221;][vc_column_text]2pm General Opening by Jean-G\u00e9rard Bloch and...","og_url":"https:\/\/samstrasbourg.com\/en\/","og_site_name":"SAM Strasbourg - Science Art M\u00e9ditation","article_modified_time":"2019-10-14T13:14:14+00:00","twitter_card":"summary_large_image","twitter_misc":{"Est. reading time":"13 minutes"},"schema":{"@context":"https:\/\/schema.org","@graph":[{"@type":"WebSite","@id":"https:\/\/samstrasbourg.com\/en\/#website","url":"https:\/\/samstrasbourg.com\/en\/","name":"SAM Strasbourg - Science Art M\u00e9ditation","description":"Science Art M\u00e9ditation - SAM Strasbourg","potentialAction":[{"@type":"SearchAction","target":{"@type":"EntryPoint","urlTemplate":"https:\/\/samstrasbourg.com\/en\/?s={search_term_string}"},"query-input":"required name=search_term_string"}],"inLanguage":"en-US"},{"@type":"WebPage","@id":"https:\/\/samstrasbourg.com\/en\/#webpage","url":"https:\/\/samstrasbourg.com\/en\/","name":"Home - SAM Strasbourg - Science Art M\u00e9ditation","isPartOf":{"@id":"https:\/\/samstrasbourg.com\/en\/#website"},"datePublished":"2017-11-08T11:55:07+00:00","dateModified":"2019-10-14T13:14:14+00:00","breadcrumb":{"@id":"https:\/\/samstrasbourg.com\/en\/#breadcrumb"},"inLanguage":"en-US","potentialAction":[{"@type":"ReadAction","target":["https:\/\/samstrasbourg.com\/en\/"]}]},{"@type":"BreadcrumbList","@id":"https:\/\/samstrasbourg.com\/en\/#breadcrumb","itemListElement":[{"@type":"ListItem","position":1,"name":"Accueil","item":"https:\/\/samstrasbourg.com\/en\/"},{"@type":"ListItem","position":2,"name":"Home"}]}]}},"_links":{"self":[{"href":"https:\/\/samstrasbourg.com\/en\/wp-json\/wp\/v2\/pages\/1860"}],"collection":[{"href":"https:\/\/samstrasbourg.com\/en\/wp-json\/wp\/v2\/pages"}],"about":[{"href":"https:\/\/samstrasbourg.com\/en\/wp-json\/wp\/v2\/types\/page"}],"author":[{"embeddable":true,"href":"https:\/\/samstrasbourg.com\/en\/wp-json\/wp\/v2\/users\/1"}],"replies":[{"embeddable":true,"href":"https:\/\/samstrasbourg.com\/en\/wp-json\/wp\/v2\/comments?post=1860"}],"version-history":[{"count":14,"href":"https:\/\/samstrasbourg.com\/en\/wp-json\/wp\/v2\/pages\/1860\/revisions"}],"predecessor-version":[{"id":5730,"href":"https:\/\/samstrasbourg.com\/en\/wp-json\/wp\/v2\/pages\/1860\/revisions\/5730"}],"wp:attachment":[{"href":"https:\/\/samstrasbourg.com\/en\/wp-json\/wp\/v2\/media?parent=1860"}],"curies":[{"name":"wp","href":"https:\/\/api.w.org\/{rel}","templated":true}]}}