{"id":1979,"date":"2019-07-20T10:43:34","date_gmt":"2019-07-20T08:43:34","guid":{"rendered":"https:\/\/samstrasbourg.com\/?page_id=1979"},"modified":"2019-10-14T15:14:05","modified_gmt":"2019-10-14T13:14:05","slug":"sam-2019","status":"publish","type":"page","link":"https:\/\/samstrasbourg.com\/en\/sam-2019\/","title":{"rendered":"SAM 2019"},"content":{"rendered":"<section class=\"wpb-content-wrapper\"><p>[vc_row css_animation=&#8221;&#8221; row_type=&#8221;row&#8221; use_row_as_full_screen_section=&#8221;no&#8221; type=&#8221;grid&#8221; angled_section=&#8221;no&#8221; text_align=&#8221;left&#8221; background_image_as_pattern=&#8221;without_pattern&#8221; css=&#8221;.vc_custom_1510327508163{padding-top: 174px !important;padding-bottom: 140px !important;}&#8221;][vc_column][vc_column_text]<\/p>\n<h2 style=\"text-align: center;\">Science Art Meditation 2019<\/h2>\n<p>[\/vc_column_text][vc_empty_space height=&#8221;26px&#8221;][vc_column_text]<\/p>\n<h6 id=\"tw-target-text\" class=\"tw-data-text tw-ta tw-text-small\" dir=\"ltr\" style=\"text-align: center;\" data-placeholder=\"Translation\"><span lang=\"en\" tabindex=\"0\">The second edition of SAM &#8220;Science Art Meditation&#8221; will take place on Friday 18 and Saturday 19th of October 2019 at the Conservatory of Music and Dance, Place Dauphine in Strasbourg.<\/span><\/h6>\n<p>[\/vc_column_text][vc_empty_space height=&#8221;50px&#8221;][vc_row_inner row_type=&#8221;row&#8221; type=&#8221;full_width&#8221; text_align=&#8221;left&#8221; css_animation=&#8221;&#8221;][vc_column_inner width=&#8221;1\/2&#8243;][vc_column_text]<\/p>\n<h4><span style=\"color: #f18e81;\">Friday, October 18th<\/span><\/h4>\n<p>[\/vc_column_text][vc_empty_space height=&#8221;12px&#8221;][vc_column_text]<span style=\"color: #4381a4;\">2pm<\/span> General Opening by Jean-G\u00e9rard Bloch and Alain Fontanel<\/p>\n<h4><span style=\"color: #445878;\">Health and Science<\/span><\/h4>\n<p><span style=\"color: #4381a4;\">3pm<\/span> Meditation<\/p>\n<p><span style=\"color: #4381a4;\">3.30pm<\/span>\u00a0Songs by Lily Jung<\/p>\n<p><span style=\"color: #4381a4;\">4pm &#8211; 5.30pm <\/span><span lang=\"en\" tabindex=\"0\">Conference with Thierry Janssen, Tania Singer, Rose moderated by Aur\u00e9lie Godefroy and Fr\u00e9d\u00e9ric Lopez<\/span><\/p>\n<p><span style=\"color: #48aaa7;\">6pm &#8211; 7pm Workshops animated by the ADM &#8211; Initiation (Christophe Coupas and Claire Mizzi) or Self-Compassion (Dominique Retour) <strong><em>&#8211; <span lang=\"en\" tabindex=\"0\">only upon registration after the purchase of a ticket for SAM places limited to 50<\/span><\/em><\/strong><\/span>[\/vc_column_text][\/vc_column_inner][vc_column_inner width=&#8221;1\/2&#8243;][vc_empty_space height=&#8221;80px&#8221;][vc_column_text]<\/p>\n<h4><span style=\"color: #445878;\">Special Evening : ADM&#8217;s 10th Anniversary<\/span><\/h4>\n<p><span style=\"color: #4381a4;\">8pm<\/span> Meditation<\/p>\n<p><span style=\"color: #4381a4;\">8.20pm<\/span> Elizabeth Sombart on the piano plays Schubert<\/p>\n<p><span style=\"color: #4381a4;\">9pm \u2013 10.30pm<\/span> Conference with Jon Kabat-Zinn <span lang=\"en\" tabindex=\"0\">interactive live video &#8220;40 years of MBSR&#8221;<\/span>, dialogue with Elizabeth Sombart, Genevi\u00e8ve Hamelet, Guido Bondolfi, Alice Duflot, Sandra Gidon, et Soizic Michelot moderated by Aur\u00e9lie Godefroy and Fr\u00e9d\u00e9ric Lopez[\/vc_column_text][\/vc_column_inner][\/vc_row_inner][vc_empty_space height=&#8221;16px&#8221;][vc_row_inner row_type=&#8221;row&#8221; type=&#8221;full_width&#8221; text_align=&#8221;left&#8221; css_animation=&#8221;&#8221;][vc_column_inner width=&#8221;1\/2&#8243;][vc_column_text]<\/p>\n<h4><span style=\"color: #f18e81;\">Saturday, October 19th<\/span><\/h4>\n<p>[\/vc_column_text][vc_empty_space height=&#8221;12px&#8221;][vc_column_text]<span style=\"color: #48aaa7;\">8.30am-9.30am Workshops animated by the ADM &#8211; MBSR &amp; Cancer (Evelyne Lonsdorfer, Marie-Ange Pratili, Charlotte Borch Jacobsen) or MBCP P<span lang=\"en\" tabindex=\"0\">repare for birth in full consciousness (Morgane Gottschalk) <em><strong>&#8211; only upon registration after the purchase of a ticket for SAM places limited to 50<\/strong><\/em><\/span><\/span><\/p>\n<p><span style=\"color: #4381a4;\">9H30<\/span> Opening<\/p>\n<h4><span style=\"color: #445878;\">Traditions of wisdom\u00a0<\/span><\/h4>\n<p><span style=\"color: #4381a4;\">10am<\/span> Meditation<\/p>\n<p><span style=\"color: #4381a4;\">10.30am<\/span> Elizabeth Sombart on the piano plays Bach and Chopin<\/p>\n<p><span style=\"color: #4381a4;\">11am &#8211; 12.30am<\/span> Conference with Satish Kumar and Christophe Faur\u00e9 moderated by Aur\u00e9lie Godefroy and Fr\u00e9d\u00e9ric Lopez. Witness : Elizabeth Sombart<\/p>\n<p><span style=\"color: #48aaa7;\">1pm &#8211; 2pm Workshops animated by the ADM &#8211; MBSR Mindfulness based stress reduction (Genevi\u00e8ve Hamelet, Charlotte Boch-Jacobsen, Marie-Ange Pratili) or MECL Eat in full consciousness (G\u00e9raldine Desdindes) <span lang=\"en\" tabindex=\"0\"><em><strong>&#8211; only upon registration after the purchase of a ticket for SAM places limited to 50<\/strong><\/em><\/span><\/span><\/p>\n<p><span style=\"color: #48aaa7;\">2pm &#8211; 3pm Workshops animated by the ADM &#8211; MBSR Mindfulness based stress reduction Initiation (Anne-Gabrielle Saint Joigny and Jean-Loup Cartier) or MBCT (B\u00e9atrice Weber and Manuela Tomba) <span lang=\"en\" tabindex=\"0\"><em><strong>&#8211; only upon registration after the purchase of a ticket for SAM places limited to 50<\/strong><\/em><\/span><\/span><\/p>\n<h4><span style=\"color: #445878;\">Society<\/span><\/h4>\n<p><span style=\"color: #4381a4;\">3pm<\/span>\u00a0Meditation<\/p>\n<p><span style=\"color: #4381a4;\">3.30pm<\/span> danse choreographed by Luc Petton<\/p>\n<p><span style=\"color: #4381a4;\">4pm &#8211; 5.30pm <\/span>\u00a0Conference with Marion Chaygneaud<em>, <\/em>Estelle Lef\u00e9bure, <em>\u00a0<\/em>Romain Migliorini, V\u00e9ronique Riotton, Jean Sibilia animated by Aur\u00e9lie Godefroy and Fr\u00e9d\u00e9ric Lopez. Witness : Luc Petton.<\/p>\n<p><span style=\"color: #48aaa7;\">6pm &#8211; 7pm Workshops animated by the ADM &#8211; Full consciousness and education (Soizic Michelot, Anne-Val\u00e9rie Giannoli, and Fran\u00e7oise Stuckelberger) or MBSR in the corporate world (Genevi\u00e8ve Ardon and Alice Duflot) <span lang=\"en\" tabindex=\"0\"><em><strong>&#8211; only upon registration after the purchase of a ticket for SAM places limited to 50<\/strong><\/em><\/span><\/span>[\/vc_column_text][\/vc_column_inner][vc_column_inner width=&#8221;1\/2&#8243;][vc_empty_space height=&#8221;80px&#8221;][vc_column_text]<\/p>\n<h4><span style=\"color: #445878;\">Elizabeth Sombart Concerto<\/span><\/h4>\n<p><span style=\"color: #4381a4;\">8pm <\/span>Opening<\/p>\n<p><span style=\"color: #4381a4;\">8.30pm<\/span> Closing ceremony<\/p>\n<p><span style=\"color: #4381a4;\">9pm &#8211; 10pm<\/span> Elizabeth Sombart and her quintet &#8211; Beethoven<\/p>\n<p><span style=\"color: #4381a4;\">10pm \u2013 10.30pm<\/span> Meditation[\/vc_column_text][\/vc_column_inner][\/vc_row_inner][\/vc_column][\/vc_row][vc_row css_animation=&#8221;&#8221; row_type=&#8221;row&#8221; use_row_as_full_screen_section=&#8221;no&#8221; type=&#8221;grid&#8221; angled_section=&#8221;no&#8221; text_align=&#8221;left&#8221; background_image_as_pattern=&#8221;without_pattern&#8221; css=&#8221;.vc_custom_1510240980089{padding-top: 100px !important;padding-bottom: 100px !important;}&#8221;][vc_column][vc_empty_space][\/vc_column][\/vc_row]<\/p>\n<\/section>","protected":false},"excerpt":{"rendered":"<p>[vc_row css_animation=&#8221;&#8221; row_type=&#8221;row&#8221; use_row_as_full_screen_section=&#8221;no&#8221; type=&#8221;grid&#8221; angled_section=&#8221;no&#8221; text_align=&#8221;left&#8221; background_image_as_pattern=&#8221;without_pattern&#8221; css=&#8221;.vc_custom_1510327508163{padding-top: 174px !important;padding-bottom: 140px !important;}&#8221;][vc_column][vc_column_text] Science Art Meditation 2019 [\/vc_column_text][vc_empty_space height=&#8221;26px&#8221;][vc_column_text] The second edition of SAM &#8220;Science Art Meditation&#8221; will take place on Friday 18 and Saturday 19th of October 2019 at the Conservatory of Music and&#8230;<\/p>\n","protected":false},"author":2,"featured_media":0,"parent":0,"menu_order":0,"comment_status":"closed","ping_status":"closed","template":"full_width.php","meta":{"_mi_skip_tracking":false,"_exactmetrics_sitenote_active":false,"_exactmetrics_sitenote_note":"","_exactmetrics_sitenote_category":0},"yoast_head":"<!-- This site is optimized with the Yoast SEO plugin v18.4.1 - https:\/\/yoast.com\/wordpress\/plugins\/seo\/ -->\n<title>SAM 2019 - SAM Strasbourg - Science Art M\u00e9ditation<\/title>\n<meta name=\"robots\" content=\"index, follow, max-snippet:-1, max-image-preview:large, max-video-preview:-1\" \/>\n<link rel=\"canonical\" href=\"https:\/\/samstrasbourg.com\/en\/sam-2019\/\" \/>\n<meta property=\"og:locale\" content=\"en_US\" \/>\n<meta property=\"og:type\" content=\"article\" \/>\n<meta property=\"og:title\" content=\"SAM 2019 - SAM Strasbourg - Science Art M\u00e9ditation\" \/>\n<meta property=\"og:description\" content=\"[vc_row css_animation=&#8221;&#8221; row_type=&#8221;row&#8221; use_row_as_full_screen_section=&#8221;no&#8221; type=&#8221;grid&#8221; angled_section=&#8221;no&#8221; text_align=&#8221;left&#8221; background_image_as_pattern=&#8221;without_pattern&#8221; css=&#8221;.vc_custom_1510327508163{padding-top: 174px !important;padding-bottom: 140px !important;}&#8221;][vc_column][vc_column_text] Science Art Meditation 2019 [\/vc_column_text][vc_empty_space height=&#8221;26px&#8221;][vc_column_text] The second edition of SAM &#8220;Science Art Meditation&#8221; will take place on Friday 18 and Saturday 19th of October 2019 at the Conservatory of Music and...\" \/>\n<meta property=\"og:url\" content=\"https:\/\/samstrasbourg.com\/en\/sam-2019\/\" \/>\n<meta property=\"og:site_name\" content=\"SAM Strasbourg - Science Art M\u00e9ditation\" \/>\n<meta property=\"article:modified_time\" content=\"2019-10-14T13:14:05+00:00\" \/>\n<meta name=\"twitter:card\" content=\"summary_large_image\" \/>\n<meta name=\"twitter:label1\" content=\"Est. reading time\" \/>\n\t<meta name=\"twitter:data1\" content=\"3 minutes\" \/>\n<script type=\"application\/ld+json\" class=\"yoast-schema-graph\">{\"@context\":\"https:\/\/schema.org\",\"@graph\":[{\"@type\":\"WebSite\",\"@id\":\"https:\/\/samstrasbourg.com\/en\/#website\",\"url\":\"https:\/\/samstrasbourg.com\/en\/\",\"name\":\"SAM Strasbourg - Science Art M\u00e9ditation\",\"description\":\"Science Art M\u00e9ditation - SAM Strasbourg\",\"potentialAction\":[{\"@type\":\"SearchAction\",\"target\":{\"@type\":\"EntryPoint\",\"urlTemplate\":\"https:\/\/samstrasbourg.com\/en\/?s={search_term_string}\"},\"query-input\":\"required name=search_term_string\"}],\"inLanguage\":\"en-US\"},{\"@type\":\"WebPage\",\"@id\":\"https:\/\/samstrasbourg.com\/en\/sam-2019\/#webpage\",\"url\":\"https:\/\/samstrasbourg.com\/en\/sam-2019\/\",\"name\":\"SAM 2019 - SAM Strasbourg - Science Art M\u00e9ditation\",\"isPartOf\":{\"@id\":\"https:\/\/samstrasbourg.com\/en\/#website\"},\"datePublished\":\"2019-07-20T08:43:34+00:00\",\"dateModified\":\"2019-10-14T13:14:05+00:00\",\"breadcrumb\":{\"@id\":\"https:\/\/samstrasbourg.com\/en\/sam-2019\/#breadcrumb\"},\"inLanguage\":\"en-US\",\"potentialAction\":[{\"@type\":\"ReadAction\",\"target\":[\"https:\/\/samstrasbourg.com\/en\/sam-2019\/\"]}]},{\"@type\":\"BreadcrumbList\",\"@id\":\"https:\/\/samstrasbourg.com\/en\/sam-2019\/#breadcrumb\",\"itemListElement\":[{\"@type\":\"ListItem\",\"position\":1,\"name\":\"Accueil\",\"item\":\"https:\/\/samstrasbourg.com\/en\/\"},{\"@type\":\"ListItem\",\"position\":2,\"name\":\"SAM 2019\"}]}]}<\/script>\n<!-- \/ Yoast SEO plugin. -->","yoast_head_json":{"title":"SAM 2019 - SAM Strasbourg - Science Art M\u00e9ditation","robots":{"index":"index","follow":"follow","max-snippet":"max-snippet:-1","max-image-preview":"max-image-preview:large","max-video-preview":"max-video-preview:-1"},"canonical":"https:\/\/samstrasbourg.com\/en\/sam-2019\/","og_locale":"en_US","og_type":"article","og_title":"SAM 2019 - SAM Strasbourg - Science Art M\u00e9ditation","og_description":"[vc_row css_animation=&#8221;&#8221; row_type=&#8221;row&#8221; use_row_as_full_screen_section=&#8221;no&#8221; type=&#8221;grid&#8221; angled_section=&#8221;no&#8221; text_align=&#8221;left&#8221; background_image_as_pattern=&#8221;without_pattern&#8221; css=&#8221;.vc_custom_1510327508163{padding-top: 174px !important;padding-bottom: 140px !important;}&#8221;][vc_column][vc_column_text] Science Art Meditation 2019 [\/vc_column_text][vc_empty_space height=&#8221;26px&#8221;][vc_column_text] The second edition of SAM &#8220;Science Art Meditation&#8221; will take place on Friday 18 and Saturday 19th of October 2019 at the Conservatory of Music and...","og_url":"https:\/\/samstrasbourg.com\/en\/sam-2019\/","og_site_name":"SAM Strasbourg - Science Art M\u00e9ditation","article_modified_time":"2019-10-14T13:14:05+00:00","twitter_card":"summary_large_image","twitter_misc":{"Est. reading time":"3 minutes"},"schema":{"@context":"https:\/\/schema.org","@graph":[{"@type":"WebSite","@id":"https:\/\/samstrasbourg.com\/en\/#website","url":"https:\/\/samstrasbourg.com\/en\/","name":"SAM Strasbourg - Science Art M\u00e9ditation","description":"Science Art M\u00e9ditation - SAM Strasbourg","potentialAction":[{"@type":"SearchAction","target":{"@type":"EntryPoint","urlTemplate":"https:\/\/samstrasbourg.com\/en\/?s={search_term_string}"},"query-input":"required name=search_term_string"}],"inLanguage":"en-US"},{"@type":"WebPage","@id":"https:\/\/samstrasbourg.com\/en\/sam-2019\/#webpage","url":"https:\/\/samstrasbourg.com\/en\/sam-2019\/","name":"SAM 2019 - SAM Strasbourg - Science Art M\u00e9ditation","isPartOf":{"@id":"https:\/\/samstrasbourg.com\/en\/#website"},"datePublished":"2019-07-20T08:43:34+00:00","dateModified":"2019-10-14T13:14:05+00:00","breadcrumb":{"@id":"https:\/\/samstrasbourg.com\/en\/sam-2019\/#breadcrumb"},"inLanguage":"en-US","potentialAction":[{"@type":"ReadAction","target":["https:\/\/samstrasbourg.com\/en\/sam-2019\/"]}]},{"@type":"BreadcrumbList","@id":"https:\/\/samstrasbourg.com\/en\/sam-2019\/#breadcrumb","itemListElement":[{"@type":"ListItem","position":1,"name":"Accueil","item":"https:\/\/samstrasbourg.com\/en\/"},{"@type":"ListItem","position":2,"name":"SAM 2019"}]}]}},"_links":{"self":[{"href":"https:\/\/samstrasbourg.com\/en\/wp-json\/wp\/v2\/pages\/1979"}],"collection":[{"href":"https:\/\/samstrasbourg.com\/en\/wp-json\/wp\/v2\/pages"}],"about":[{"href":"https:\/\/samstrasbourg.com\/en\/wp-json\/wp\/v2\/types\/page"}],"author":[{"embeddable":true,"href":"https:\/\/samstrasbourg.com\/en\/wp-json\/wp\/v2\/users\/2"}],"replies":[{"embeddable":true,"href":"https:\/\/samstrasbourg.com\/en\/wp-json\/wp\/v2\/comments?post=1979"}],"version-history":[{"count":5,"href":"https:\/\/samstrasbourg.com\/en\/wp-json\/wp\/v2\/pages\/1979\/revisions"}],"predecessor-version":[{"id":5731,"href":"https:\/\/samstrasbourg.com\/en\/wp-json\/wp\/v2\/pages\/1979\/revisions\/5731"}],"wp:attachment":[{"href":"https:\/\/samstrasbourg.com\/en\/wp-json\/wp\/v2\/media?parent=1979"}],"curies":[{"name":"wp","href":"https:\/\/api.w.org\/{rel}","templated":true}]}}